{"id":32,"date":"2024-09-04T10:32:26","date_gmt":"2024-09-04T08:32:26","guid":{"rendered":"https:\/\/acobe.uliege.be\/religion-et-migration\/part\/abreviations\/"},"modified":"2024-09-04T10:32:26","modified_gmt":"2024-09-04T08:32:26","slug":"abreviations","status":"publish","type":"part","link":"https:\/\/acobe.uliege.be\/religion-et-migration\/part\/abreviations\/","title":{"raw":"Abr\u00e9viations","rendered":"Abr\u00e9viations"},"content":{"raw":"\n<table style=\"border-collapse: collapse; width: 100%; height: 150px;\" border=\"0\">\n<tbody>\n<tr style=\"height: 15px;\">\n<td style=\"width: 10.7471%; height: 15px;\">AUEA<\/td>\n<td style=\"width: 63.5057%; height: 15px;\">Agence de l\u2019Union europ\u00e9enne pour l\u2019asile<\/td>\n<\/tr>\n<tr style=\"height: 15px;\">\n<td style=\"width: 10.7471%; height: 15px;\">CE<\/td>\n<td style=\"width: 63.5057%; height: 15px;\">Conseil de l\u2019Europe<\/td>\n<\/tr>\n<tr style=\"height: 15px;\">\n<td style=\"width: 10.7471%; height: 15px;\">CEDH<\/td>\n<td style=\"width: 63.5057%; height: 15px;\">Convention europ\u00e9enne des droits de l\u2019homme<\/td>\n<\/tr>\n<tr style=\"height: 15px;\">\n<td style=\"width: 10.7471%; height: 15px;\">CJUE<\/td>\n<td style=\"width: 63.5057%; height: 15px;\">Cour de justice de l\u2019Union europ\u00e9enne<\/td>\n<\/tr>\n<tr style=\"height: 15px;\">\n<td style=\"width: 10.7471%; height: 15px;\">CNDA<\/td>\n<td style=\"width: 63.5057%; height: 15px;\">Cour nationale du droit d\u2019asile<\/td>\n<\/tr>\n<tr style=\"height: 15px;\">\n<td style=\"width: 10.7471%; height: 15px;\">EASO<\/td>\n<td style=\"width: 63.5057%; height: 15px;\">Bureau europ\u00e9en d\u2019appui pour l\u2019asile<\/td>\n<\/tr>\n<tr style=\"height: 15px;\">\n<td style=\"width: 10.7471%; height: 15px;\">FRA<\/td>\n<td style=\"width: 63.5057%; height: 15px;\">Agence des droits fondamentaux de l\u2019Union europ\u00e9enne<\/td>\n<\/tr>\n<tr style=\"height: 15px;\">\n<td style=\"width: 10.7471%; height: 15px;\">HCR<\/td>\n<td style=\"width: 63.5057%; height: 15px;\">Haut-Commissariat des Nations unies pour les r\u00e9fugi\u00e9s<\/td>\n<\/tr>\n<tr style=\"height: 15px;\">\n<td style=\"width: 10.7471%; height: 15px;\">LGBTI<\/td>\n<td style=\"width: 63.5057%; height: 15px;\">Personnes lesbiennes, gais\/gays, bisexuelles, transgenres, intersexuelles<\/td>\n<\/tr>\n<tr style=\"height: 15px;\">\n<td style=\"width: 10.7471%; height: 15px;\">OFPRA<\/td>\n<td style=\"width: 63.5057%; height: 15px;\">Office fran\u00e7ais de protection des r\u00e9fugi\u00e9s et apatrides<\/td>\n<\/tr>\n<tr>\n<td style=\"width: 10.7471%;\">UE<\/td>\n<td style=\"width: 63.5057%;\">&nbsp;Union europ\u00e9enne<\/td>\n<\/tr>\n<\/tbody>\n<\/table>\n&nbsp;\n","rendered":"<table style=\"border-collapse: collapse; width: 100%; height: 150px;\">\n<tbody>\n<tr style=\"height: 15px;\">\n<td style=\"width: 10.7471%; height: 15px;\">AUEA<\/td>\n<td style=\"width: 63.5057%; height: 15px;\">Agence de l\u2019Union europ\u00e9enne pour l\u2019asile<\/td>\n<\/tr>\n<tr style=\"height: 15px;\">\n<td style=\"width: 10.7471%; height: 15px;\">CE<\/td>\n<td style=\"width: 63.5057%; height: 15px;\">Conseil de l\u2019Europe<\/td>\n<\/tr>\n<tr style=\"height: 15px;\">\n<td style=\"width: 10.7471%; height: 15px;\">CEDH<\/td>\n<td style=\"width: 63.5057%; height: 15px;\">Convention europ\u00e9enne des droits de l\u2019homme<\/td>\n<\/tr>\n<tr style=\"height: 15px;\">\n<td style=\"width: 10.7471%; height: 15px;\">CJUE<\/td>\n<td style=\"width: 63.5057%; height: 15px;\">Cour de justice de l\u2019Union europ\u00e9enne<\/td>\n<\/tr>\n<tr style=\"height: 15px;\">\n<td style=\"width: 10.7471%; height: 15px;\">CNDA<\/td>\n<td style=\"width: 63.5057%; height: 15px;\">Cour nationale du droit d\u2019asile<\/td>\n<\/tr>\n<tr style=\"height: 15px;\">\n<td style=\"width: 10.7471%; height: 15px;\">EASO<\/td>\n<td style=\"width: 63.5057%; height: 15px;\">Bureau europ\u00e9en d\u2019appui pour l\u2019asile<\/td>\n<\/tr>\n<tr style=\"height: 15px;\">\n<td style=\"width: 10.7471%; height: 15px;\">FRA<\/td>\n<td style=\"width: 63.5057%; height: 15px;\">Agence des droits fondamentaux de l\u2019Union europ\u00e9enne<\/td>\n<\/tr>\n<tr style=\"height: 15px;\">\n<td style=\"width: 10.7471%; height: 15px;\">HCR<\/td>\n<td style=\"width: 63.5057%; height: 15px;\">Haut-Commissariat des Nations unies pour les r\u00e9fugi\u00e9s<\/td>\n<\/tr>\n<tr style=\"height: 15px;\">\n<td style=\"width: 10.7471%; height: 15px;\">LGBTI<\/td>\n<td style=\"width: 63.5057%; height: 15px;\">Personnes lesbiennes, gais\/gays, bisexuelles, transgenres, intersexuelles<\/td>\n<\/tr>\n<tr style=\"height: 15px;\">\n<td style=\"width: 10.7471%; height: 15px;\">OFPRA<\/td>\n<td style=\"width: 63.5057%; height: 15px;\">Office fran\u00e7ais de protection des r\u00e9fugi\u00e9s et apatrides<\/td>\n<\/tr>\n<tr>\n<td style=\"width: 10.7471%;\">UE<\/td>\n<td style=\"width: 63.5057%;\">&nbsp;Union europ\u00e9enne<\/td>\n<\/tr>\n<\/tbody>\n<\/table>\n<p>&nbsp;<\/p>\n","protected":false},"parent":0,"menu_order":4,"template":"","meta":{"pb_part_invisible":false,"pb_part_invisible_string":""},"contributor":[],"license":[],"class_list":["post-32","part","type-part","status-publish","hentry"],"_links":{"self":[{"href":"https:\/\/acobe.uliege.be\/religion-et-migration\/wp-json\/pressbooks\/v2\/parts\/32","targetHints":{"allow":["GET"]}}],"collection":[{"href":"https:\/\/acobe.uliege.be\/religion-et-migration\/wp-json\/pressbooks\/v2\/parts"}],"about":[{"href":"https:\/\/acobe.uliege.be\/religion-et-migration\/wp-json\/wp\/v2\/types\/part"}],"version-history":[{"count":0,"href":"https:\/\/acobe.uliege.be\/religion-et-migration\/wp-json\/pressbooks\/v2\/parts\/32\/revisions"}],"wp:attachment":[{"href":"https:\/\/acobe.uliege.be\/religion-et-migration\/wp-json\/wp\/v2\/media?parent=32"}],"wp:term":[{"taxonomy":"contributor","embeddable":true,"href":"https:\/\/acobe.uliege.be\/religion-et-migration\/wp-json\/wp\/v2\/contributor?post=32"},{"taxonomy":"license","embeddable":true,"href":"https:\/\/acobe.uliege.be\/religion-et-migration\/wp-json\/wp\/v2\/license?post=32"}],"curies":[{"name":"wp","href":"https:\/\/api.w.org\/{rel}","templated":true}]}}