{"id":28,"date":"2024-09-04T10:32:25","date_gmt":"2024-09-04T08:32:25","guid":{"rendered":"https:\/\/acobe.uliege.be\/religion-et-migration\/part\/deuxieme-partie\/"},"modified":"2024-09-04T10:32:25","modified_gmt":"2024-09-04T08:32:25","slug":"deuxieme-partie","status":"publish","type":"part","link":"https:\/\/acobe.uliege.be\/religion-et-migration\/part\/deuxieme-partie\/","title":{"raw":"Les \u00e9volutions de la cat\u00e9gorie de r\u00e9fugi\u00e9 religieux","rendered":"Les \u00e9volutions de la cat\u00e9gorie de r\u00e9fugi\u00e9 religieux"},"content":{"raw":"\n<p class=\"calibre1 indent\" style=\"text-align: justify;\"><span style=\"text-align: initial; font-size: 1em;\">Par rapport aux crit\u00e8res d\u00e9crits dans la premi\u00e8re partie, il ressort que la peur bien fond\u00e9e d\u2019\u00eatre soumis \u00e0 des pers\u00e9cutions religieuses exprime des conditions d\u2019acc\u00e8s \u00e0 la cat\u00e9gorie de r\u00e9fugi\u00e9 extr\u00eamement h\u00e9t\u00e9rog\u00e8nes en raison de la pluralit\u00e9 de ph\u00e9nom\u00e8nes \u00e0 la base des pers\u00e9cutions religieuses au niveau mondial. Si la construction de la cat\u00e9gorie de r\u00e9fugi\u00e9 religieux a \u00e9t\u00e9 \u00e9labor\u00e9e \u00e0 partir des diff\u00e9rents crit\u00e8res de d\u00e9finition et d\u2019application, cette articulation semble \u00e9galement manifester un certain dynamisme vecteur des nouvelles \u00e9volutions de la cat\u00e9gorie de r\u00e9fugi\u00e9 religieux. Plus particuli\u00e8rement, l\u2019aptitude \u00e9volutive de la cat\u00e9gorie de r\u00e9fugi\u00e9 religieux dans la multidimensionnalit\u00e9 des manifestations pers\u00e9cutrices de la religion semble \u00e9merger dans deux perspectives principales : la garantie des minorit\u00e9s religieuses \u00e0 travers la notion novatrice de groupe social particulier ; la cat\u00e9gorie innovante de pers\u00e9cution intersectionnelle, expression du conflit entre la libert\u00e9 de religion et les droits humains des personnes LGBT [footnote]Cf. Pasquale Annicchino, \"The Persecution of Religious and LGBTI Minorities and Asylum Law: Recent Trends in the Adjudication of European Supranational Courts\", dans <em>European Public Law<\/em>, 21, 2015, p. 571-590.[\/footnote].<\/span><\/p>\n","rendered":"<p class=\"calibre1 indent\" style=\"text-align: justify;\"><span style=\"text-align: initial; font-size: 1em;\">Par rapport aux crit\u00e8res d\u00e9crits dans la premi\u00e8re partie, il ressort que la peur bien fond\u00e9e d\u2019\u00eatre soumis \u00e0 des pers\u00e9cutions religieuses exprime des conditions d\u2019acc\u00e8s \u00e0 la cat\u00e9gorie de r\u00e9fugi\u00e9 extr\u00eamement h\u00e9t\u00e9rog\u00e8nes en raison de la pluralit\u00e9 de ph\u00e9nom\u00e8nes \u00e0 la base des pers\u00e9cutions religieuses au niveau mondial. Si la construction de la cat\u00e9gorie de r\u00e9fugi\u00e9 religieux a \u00e9t\u00e9 \u00e9labor\u00e9e \u00e0 partir des diff\u00e9rents crit\u00e8res de d\u00e9finition et d\u2019application, cette articulation semble \u00e9galement manifester un certain dynamisme vecteur des nouvelles \u00e9volutions de la cat\u00e9gorie de r\u00e9fugi\u00e9 religieux. Plus particuli\u00e8rement, l\u2019aptitude \u00e9volutive de la cat\u00e9gorie de r\u00e9fugi\u00e9 religieux dans la multidimensionnalit\u00e9 des manifestations pers\u00e9cutrices de la religion semble \u00e9merger dans deux perspectives principales : la garantie des minorit\u00e9s religieuses \u00e0 travers la notion novatrice de groupe social particulier ; la cat\u00e9gorie innovante de pers\u00e9cution intersectionnelle, expression du conflit entre la libert\u00e9 de religion et les droits humains des personnes LGBT <a class=\"footnote\" title=\"Cf. Pasquale Annicchino, &quot;The Persecution of Religious and LGBTI Minorities and Asylum Law: Recent Trends in the Adjudication of European Supranational Courts&quot;, dans European Public Law, 21, 2015, p. 571-590.\" id=\"return-footnote-28-1\" href=\"#footnote-28-1\" aria-label=\"Footnote 1\"><sup class=\"footnote\">[1]<\/sup><\/a>.<\/span><\/p>\n<hr class=\"before-footnotes clear\" \/><div class=\"footnotes\"><ol><li id=\"footnote-28-1\">Cf. Pasquale Annicchino, \"The Persecution of Religious and LGBTI Minorities and Asylum Law: Recent Trends in the Adjudication of European Supranational Courts\", dans <em>European Public Law<\/em>, 21, 2015, p. 571-590. <a href=\"#return-footnote-28-1\" class=\"return-footnote\" aria-label=\"Return to footnote 1\">&crarr;<\/a><\/li><\/ol><\/div>","protected":false},"parent":0,"menu_order":2,"template":"","meta":{"pb_part_invisible":false,"pb_part_invisible_string":""},"contributor":[],"license":[],"class_list":["post-28","part","type-part","status-publish","hentry"],"_links":{"self":[{"href":"https:\/\/acobe.uliege.be\/religion-et-migration\/wp-json\/pressbooks\/v2\/parts\/28","targetHints":{"allow":["GET"]}}],"collection":[{"href":"https:\/\/acobe.uliege.be\/religion-et-migration\/wp-json\/pressbooks\/v2\/parts"}],"about":[{"href":"https:\/\/acobe.uliege.be\/religion-et-migration\/wp-json\/wp\/v2\/types\/part"}],"version-history":[{"count":0,"href":"https:\/\/acobe.uliege.be\/religion-et-migration\/wp-json\/pressbooks\/v2\/parts\/28\/revisions"}],"wp:attachment":[{"href":"https:\/\/acobe.uliege.be\/religion-et-migration\/wp-json\/wp\/v2\/media?parent=28"}],"wp:term":[{"taxonomy":"contributor","embeddable":true,"href":"https:\/\/acobe.uliege.be\/religion-et-migration\/wp-json\/wp\/v2\/contributor?post=28"},{"taxonomy":"license","embeddable":true,"href":"https:\/\/acobe.uliege.be\/religion-et-migration\/wp-json\/wp\/v2\/license?post=28"}],"curies":[{"name":"wp","href":"https:\/\/api.w.org\/{rel}","templated":true}]}}